{"id":25981793,"date":"2026-03-31T08:46:15","date_gmt":"2026-03-31T06:46:15","guid":{"rendered":"https:\/\/www.gewo.net\/?post_type=tribe_events&#038;p=25981793"},"modified":"2026-03-31T08:50:30","modified_gmt":"2026-03-31T06:50:30","slug":"berufsmesse-und-workshop-anne-frank-gymnasium-erding","status":"publish","type":"tribe_events","link":"https:\/\/www.gewo.net\/en\/veranstaltung\/berufsmesse-und-workshop-anne-frank-gymnasium-erding\/","title":{"rendered":"Berufsmesse und Workshop Anne-Frank-Gymnasium Erding"},"content":{"rendered":"<p>Wir pr\u00e4sentieren unsere Ausbildungsm\u00f6glichkeiten auf der Berufsmesse am Anne-Frank-Gymnasium. Am Vormittag k\u00f6nnen die Sch\u00fclerinnen und Sch\u00fcler ab der 9. Jahrgangsstufe von 11.45 bis 13.10 Uhr \u00fcber unsere Ausbildungsberufe und Studieng\u00e4nge informieren. Am Nachmittag von 13.20 bis 15.00 Uhr finden 30-min\u00fctige Workshops statt, wo die Sch\u00fclerinnen und Sch\u00fcler tiefer in die Berufsfelder einsteigen k\u00f6nnen.<\/p>","protected":false},"excerpt":{"rendered":"<p>Wir pr\u00e4sentieren unsere Ausbildungsm\u00f6glichkeiten auf der Berufsmesse am Anne-Frank-Gymnasium. Am Vormittag k\u00f6nnen die Sch\u00fclerinnen und Sch\u00fcler ab der 9. Jahrgangsstufe von 11.45 bis 13.10 Uhr \u00fcber unsere Ausbildungsberufe und Studieng\u00e4nge [&hellip;]<\/p>\n","protected":false},"author":2,"featured_media":25981800,"template":"","meta":{"_et_pb_use_builder":"","_et_pb_old_content":"","_et_gb_content_width":"","_tribe_events_status":"","_tribe_events_status_reason":"","footnotes":""},"tags":[],"tribe_events_cat":[12],"class_list":["post-25981793","tribe_events","type-tribe_events","status-publish","has-post-thumbnail","hentry","tribe_events_cat-schulmesse","cat_schulmesse"],"yoast_head":"<!-- This site is optimized with the Yoast SEO plugin v27.5 - https:\/\/yoast.com\/product\/yoast-seo-wordpress\/ -->\n<title>Berufsmesse und Workshop Anne-Frank-Gymnasium Erding | GEWO Feinmechanik GmbH &amp; Co. KG<\/title>\n<meta name=\"robots\" content=\"index, follow, max-snippet:-1, max-image-preview:large, max-video-preview:-1\" \/>\n<link rel=\"canonical\" href=\"https:\/\/www.gewo.net\/en\/veranstaltung\/berufsmesse-und-workshop-anne-frank-gymnasium-erding\/\" \/>\n<meta property=\"og:locale\" content=\"en_GB\" \/>\n<meta property=\"og:type\" content=\"article\" \/>\n<meta property=\"og:title\" content=\"Berufsmesse und Workshop Anne-Frank-Gymnasium Erding | GEWO Feinmechanik GmbH &amp; Co. KG\" \/>\n<meta property=\"og:description\" content=\"Wir pr\u00e4sentieren unsere Ausbildungsm\u00f6glichkeiten auf der Berufsmesse am Anne-Frank-Gymnasium. Am Vormittag k\u00f6nnen die Sch\u00fclerinnen und Sch\u00fcler ab der 9. Jahrgangsstufe von 11.45 bis 13.10 Uhr \u00fcber unsere Ausbildungsberufe und Studieng\u00e4nge [&hellip;]\" \/>\n<meta property=\"og:url\" content=\"https:\/\/www.gewo.net\/en\/veranstaltung\/berufsmesse-und-workshop-anne-frank-gymnasium-erding\/\" \/>\n<meta property=\"og:site_name\" content=\"GEWO Feinmechanik GmbH &amp; Co. KG\" \/>\n<meta property=\"article:publisher\" content=\"https:\/\/www.facebook.com\/GEWO.Feinmechanik\" \/>\n<meta property=\"article:modified_time\" content=\"2026-03-31T06:50:30+00:00\" \/>\n<meta property=\"og:image\" content=\"https:\/\/www.gewo.net\/wp-content\/uploads\/GEWO-Stand-4.jpg\" \/>\n\t<meta property=\"og:image:width\" content=\"800\" \/>\n\t<meta property=\"og:image:height\" content=\"600\" \/>\n\t<meta property=\"og:image:type\" content=\"image\/jpeg\" \/>\n<meta name=\"twitter:card\" content=\"summary_large_image\" \/>\n<script type=\"application\/ld+json\" class=\"yoast-schema-graph\">{\"@context\":\"https:\\\/\\\/schema.org\",\"@graph\":[{\"@type\":\"WebPage\",\"@id\":\"https:\\\/\\\/www.gewo.net\\\/veranstaltung\\\/berufsmesse-und-workshop-anne-frank-gymnasium-erding\\\/\",\"url\":\"https:\\\/\\\/www.gewo.net\\\/veranstaltung\\\/berufsmesse-und-workshop-anne-frank-gymnasium-erding\\\/\",\"name\":\"Berufsmesse und Workshop Anne-Frank-Gymnasium Erding | GEWO Feinmechanik GmbH &amp; Co. KG\",\"isPartOf\":{\"@id\":\"https:\\\/\\\/www.gewo.net\\\/#website\"},\"primaryImageOfPage\":{\"@id\":\"https:\\\/\\\/www.gewo.net\\\/veranstaltung\\\/berufsmesse-und-workshop-anne-frank-gymnasium-erding\\\/#primaryimage\"},\"image\":{\"@id\":\"https:\\\/\\\/www.gewo.net\\\/veranstaltung\\\/berufsmesse-und-workshop-anne-frank-gymnasium-erding\\\/#primaryimage\"},\"thumbnailUrl\":\"https:\\\/\\\/www.gewo.net\\\/wp-content\\\/uploads\\\/GEWO-Stand-4.jpg\",\"datePublished\":\"2026-03-31T06:46:15+00:00\",\"dateModified\":\"2026-03-31T06:50:30+00:00\",\"breadcrumb\":{\"@id\":\"https:\\\/\\\/www.gewo.net\\\/veranstaltung\\\/berufsmesse-und-workshop-anne-frank-gymnasium-erding\\\/#breadcrumb\"},\"inLanguage\":\"en-GB\",\"potentialAction\":[{\"@type\":\"ReadAction\",\"target\":[\"https:\\\/\\\/www.gewo.net\\\/veranstaltung\\\/berufsmesse-und-workshop-anne-frank-gymnasium-erding\\\/\"]}]},{\"@type\":\"ImageObject\",\"inLanguage\":\"en-GB\",\"@id\":\"https:\\\/\\\/www.gewo.net\\\/veranstaltung\\\/berufsmesse-und-workshop-anne-frank-gymnasium-erding\\\/#primaryimage\",\"url\":\"https:\\\/\\\/www.gewo.net\\\/wp-content\\\/uploads\\\/GEWO-Stand-4.jpg\",\"contentUrl\":\"https:\\\/\\\/www.gewo.net\\\/wp-content\\\/uploads\\\/GEWO-Stand-4.jpg\",\"width\":800,\"height\":600,\"caption\":\"GEWO Feinmechanik Messestand\"},{\"@type\":\"BreadcrumbList\",\"@id\":\"https:\\\/\\\/www.gewo.net\\\/veranstaltung\\\/berufsmesse-und-workshop-anne-frank-gymnasium-erding\\\/#breadcrumb\",\"itemListElement\":[{\"@type\":\"ListItem\",\"position\":1,\"name\":\"Start\",\"item\":\"https:\\\/\\\/www.gewo.net\\\/\"},{\"@type\":\"ListItem\",\"position\":2,\"name\":\"Events\",\"item\":\"https:\\\/\\\/www.gewo.net\\\/en\\\/veranstaltungen\\\/\"},{\"@type\":\"ListItem\",\"position\":3,\"name\":\"Berufsmesse und Workshop Anne-Frank-Gymnasium Erding\"}]},{\"@type\":\"WebSite\",\"@id\":\"https:\\\/\\\/www.gewo.net\\\/#website\",\"url\":\"https:\\\/\\\/www.gewo.net\\\/\",\"name\":\"GEWO Feinmechanik GmbH & Co. KG\",\"description\":\"We create innovation \u2013 together for a better future\",\"publisher\":{\"@id\":\"https:\\\/\\\/www.gewo.net\\\/#organization\"},\"alternateName\":\"GEWO Feinmechanik\",\"potentialAction\":[{\"@type\":\"SearchAction\",\"target\":{\"@type\":\"EntryPoint\",\"urlTemplate\":\"https:\\\/\\\/www.gewo.net\\\/?s={search_term_string}\"},\"query-input\":{\"@type\":\"PropertyValueSpecification\",\"valueRequired\":true,\"valueName\":\"search_term_string\"}}],\"inLanguage\":\"en-GB\"},{\"@type\":\"Organization\",\"@id\":\"https:\\\/\\\/www.gewo.net\\\/#organization\",\"name\":\"GEWO Feinmechanik GmbH & Co. KG\",\"alternateName\":\"GEWO Feinmechanik\",\"url\":\"https:\\\/\\\/www.gewo.net\\\/\",\"logo\":{\"@type\":\"ImageObject\",\"inLanguage\":\"en-GB\",\"@id\":\"https:\\\/\\\/www.gewo.net\\\/#\\\/schema\\\/logo\\\/image\\\/\",\"url\":\"https:\\\/\\\/www.gewo.net\\\/wp-content\\\/uploads\\\/GEWO-Logo_1530-px.png\",\"contentUrl\":\"https:\\\/\\\/www.gewo.net\\\/wp-content\\\/uploads\\\/GEWO-Logo_1530-px.png\",\"width\":1530,\"height\":603,\"caption\":\"GEWO Feinmechanik GmbH & Co. KG\"},\"image\":{\"@id\":\"https:\\\/\\\/www.gewo.net\\\/#\\\/schema\\\/logo\\\/image\\\/\"},\"sameAs\":[\"https:\\\/\\\/www.facebook.com\\\/GEWO.Feinmechanik\",\"https:\\\/\\\/www.instagram.com\\\/gewofeinmechanik\",\"https:\\\/\\\/de.linkedin.com\\\/company\\\/gewo-feinmechanik-gmbh\",\"https:\\\/\\\/www.xing.com\\\/pages\\\/gewo-feinmechanik-gmbh\",\"https:\\\/\\\/www.youtube.com\\\/user\\\/GEWOFeinmechanik\"]}]}<\/script>\n<!-- \/ Yoast SEO plugin. -->","yoast_head_json":{"title":"Berufsmesse und Workshop Anne-Frank-Gymnasium Erding | GEWO Feinmechanik GmbH &amp; Co. KG","robots":{"index":"index","follow":"follow","max-snippet":"max-snippet:-1","max-image-preview":"max-image-preview:large","max-video-preview":"max-video-preview:-1"},"canonical":"https:\/\/www.gewo.net\/en\/veranstaltung\/berufsmesse-und-workshop-anne-frank-gymnasium-erding\/","og_locale":"en_GB","og_type":"article","og_title":"Berufsmesse und Workshop Anne-Frank-Gymnasium Erding | GEWO Feinmechanik GmbH &amp; Co. KG","og_description":"Wir pr\u00e4sentieren unsere Ausbildungsm\u00f6glichkeiten auf der Berufsmesse am Anne-Frank-Gymnasium. Am Vormittag k\u00f6nnen die Sch\u00fclerinnen und Sch\u00fcler ab der 9. Jahrgangsstufe von 11.45 bis 13.10 Uhr \u00fcber unsere Ausbildungsberufe und Studieng\u00e4nge [&hellip;]","og_url":"https:\/\/www.gewo.net\/en\/veranstaltung\/berufsmesse-und-workshop-anne-frank-gymnasium-erding\/","og_site_name":"GEWO Feinmechanik GmbH &amp; Co. KG","article_publisher":"https:\/\/www.facebook.com\/GEWO.Feinmechanik","article_modified_time":"2026-03-31T06:50:30+00:00","og_image":[{"width":800,"height":600,"url":"https:\/\/www.gewo.net\/wp-content\/uploads\/GEWO-Stand-4.jpg","type":"image\/jpeg"}],"twitter_card":"summary_large_image","schema":{"@context":"https:\/\/schema.org","@graph":[{"@type":"WebPage","@id":"https:\/\/www.gewo.net\/veranstaltung\/berufsmesse-und-workshop-anne-frank-gymnasium-erding\/","url":"https:\/\/www.gewo.net\/veranstaltung\/berufsmesse-und-workshop-anne-frank-gymnasium-erding\/","name":"Berufsmesse und Workshop Anne-Frank-Gymnasium Erding | GEWO Feinmechanik GmbH &amp; Co. KG","isPartOf":{"@id":"https:\/\/www.gewo.net\/#website"},"primaryImageOfPage":{"@id":"https:\/\/www.gewo.net\/veranstaltung\/berufsmesse-und-workshop-anne-frank-gymnasium-erding\/#primaryimage"},"image":{"@id":"https:\/\/www.gewo.net\/veranstaltung\/berufsmesse-und-workshop-anne-frank-gymnasium-erding\/#primaryimage"},"thumbnailUrl":"https:\/\/www.gewo.net\/wp-content\/uploads\/GEWO-Stand-4.jpg","datePublished":"2026-03-31T06:46:15+00:00","dateModified":"2026-03-31T06:50:30+00:00","breadcrumb":{"@id":"https:\/\/www.gewo.net\/veranstaltung\/berufsmesse-und-workshop-anne-frank-gymnasium-erding\/#breadcrumb"},"inLanguage":"en-GB","potentialAction":[{"@type":"ReadAction","target":["https:\/\/www.gewo.net\/veranstaltung\/berufsmesse-und-workshop-anne-frank-gymnasium-erding\/"]}]},{"@type":"ImageObject","inLanguage":"en-GB","@id":"https:\/\/www.gewo.net\/veranstaltung\/berufsmesse-und-workshop-anne-frank-gymnasium-erding\/#primaryimage","url":"https:\/\/www.gewo.net\/wp-content\/uploads\/GEWO-Stand-4.jpg","contentUrl":"https:\/\/www.gewo.net\/wp-content\/uploads\/GEWO-Stand-4.jpg","width":800,"height":600,"caption":"GEWO Feinmechanik Messestand"},{"@type":"BreadcrumbList","@id":"https:\/\/www.gewo.net\/veranstaltung\/berufsmesse-und-workshop-anne-frank-gymnasium-erding\/#breadcrumb","itemListElement":[{"@type":"ListItem","position":1,"name":"Start","item":"https:\/\/www.gewo.net\/"},{"@type":"ListItem","position":2,"name":"Events","item":"https:\/\/www.gewo.net\/en\/veranstaltungen\/"},{"@type":"ListItem","position":3,"name":"Berufsmesse und Workshop Anne-Frank-Gymnasium Erding"}]},{"@type":"WebSite","@id":"https:\/\/www.gewo.net\/#website","url":"https:\/\/www.gewo.net\/","name":"GEWO Feinmechanik GmbH & Co. KG","description":"We create innovation \u2013 together for a better future","publisher":{"@id":"https:\/\/www.gewo.net\/#organization"},"alternateName":"GEWO Feinmechanik","potentialAction":[{"@type":"SearchAction","target":{"@type":"EntryPoint","urlTemplate":"https:\/\/www.gewo.net\/?s={search_term_string}"},"query-input":{"@type":"PropertyValueSpecification","valueRequired":true,"valueName":"search_term_string"}}],"inLanguage":"en-GB"},{"@type":"Organization","@id":"https:\/\/www.gewo.net\/#organization","name":"GEWO Feinmechanik GmbH & Co. KG","alternateName":"GEWO Feinmechanik","url":"https:\/\/www.gewo.net\/","logo":{"@type":"ImageObject","inLanguage":"en-GB","@id":"https:\/\/www.gewo.net\/#\/schema\/logo\/image\/","url":"https:\/\/www.gewo.net\/wp-content\/uploads\/GEWO-Logo_1530-px.png","contentUrl":"https:\/\/www.gewo.net\/wp-content\/uploads\/GEWO-Logo_1530-px.png","width":1530,"height":603,"caption":"GEWO Feinmechanik GmbH & Co. KG"},"image":{"@id":"https:\/\/www.gewo.net\/#\/schema\/logo\/image\/"},"sameAs":["https:\/\/www.facebook.com\/GEWO.Feinmechanik","https:\/\/www.instagram.com\/gewofeinmechanik","https:\/\/de.linkedin.com\/company\/gewo-feinmechanik-gmbh","https:\/\/www.xing.com\/pages\/gewo-feinmechanik-gmbh","https:\/\/www.youtube.com\/user\/GEWOFeinmechanik"]}]}},"_links":{"self":[{"href":"https:\/\/www.gewo.net\/en\/wp-json\/wp\/v2\/tribe_events\/25981793","targetHints":{"allow":["GET"]}}],"collection":[{"href":"https:\/\/www.gewo.net\/en\/wp-json\/wp\/v2\/tribe_events"}],"about":[{"href":"https:\/\/www.gewo.net\/en\/wp-json\/wp\/v2\/types\/tribe_events"}],"author":[{"embeddable":true,"href":"https:\/\/www.gewo.net\/en\/wp-json\/wp\/v2\/users\/2"}],"version-history":[{"count":1,"href":"https:\/\/www.gewo.net\/en\/wp-json\/wp\/v2\/tribe_events\/25981793\/revisions"}],"predecessor-version":[{"id":25981796,"href":"https:\/\/www.gewo.net\/en\/wp-json\/wp\/v2\/tribe_events\/25981793\/revisions\/25981796"}],"wp:featuredmedia":[{"embeddable":true,"href":"https:\/\/www.gewo.net\/en\/wp-json\/wp\/v2\/media\/25981800"}],"wp:attachment":[{"href":"https:\/\/www.gewo.net\/en\/wp-json\/wp\/v2\/media?parent=25981793"}],"wp:term":[{"taxonomy":"post_tag","embeddable":true,"href":"https:\/\/www.gewo.net\/en\/wp-json\/wp\/v2\/tags?post=25981793"},{"taxonomy":"tribe_events_cat","embeddable":true,"href":"https:\/\/www.gewo.net\/en\/wp-json\/wp\/v2\/tribe_events_cat?post=25981793"}],"curies":[{"name":"wp","href":"https:\/\/api.w.org\/{rel}","templated":true}]}}